{"id":5074,"date":"2022-06-08T10:06:57","date_gmt":"2022-06-08T08:06:57","guid":{"rendered":"https:\/\/rotex-metallbauteile.ch\/immeuble-commercial-television-suisse-berne\/"},"modified":"2026-02-24T09:19:53","modified_gmt":"2026-02-24T08:19:53","slug":"immeuble-commercial-television-suisse-berne","status":"publish","type":"page","link":"https:\/\/rotex-metallbauteile.ch\/fr\/immeuble-commercial-television-suisse-berne\/","title":{"rendered":"Immeuble commercial T\u00e9l\u00e9vision suisse, Berne"},"content":{"rendered":"\t\t<div data-elementor-type=\"wp-page\" data-elementor-id=\"5074\" class=\"elementor elementor-5074 elementor-5057\" data-elementor-post-type=\"page\">\n\t\t\t\t\t\t<section class=\"has_ae_slider elementor-section elementor-top-section elementor-element elementor-element-5528ad5 elementor-section-full_width elementor-reverse-mobile elementor-section-height-default elementor-section-height-default ae-bg-gallery-type-default\" data-id=\"5528ad5\" data-element_type=\"section\" data-e-type=\"section\">\n\t\t\t\t\t\t<div class=\"elementor-container elementor-column-gap-default\">\n\t\t\t\t\t<div class=\"has_ae_slider elementor-column elementor-col-66 elementor-top-column elementor-element elementor-element-4c3078e ae-bg-gallery-type-default\" data-id=\"4c3078e\" data-element_type=\"column\" data-e-type=\"column\">\n\t\t\t<div class=\"elementor-widget-wrap elementor-element-populated\">\n\t\t\t\t\t\t<div class=\"elementor-element elementor-element-5c6972c elementor-widget elementor-widget-heading\" data-id=\"5c6972c\" data-element_type=\"widget\" data-e-type=\"widget\" data-widget_type=\"heading.default\">\n\t\t\t\t<div class=\"elementor-widget-container\">\n\t\t\t\t\t<h1 class=\"elementor-heading-title elementor-size-large\">Immeuble commercial T\u00e9l\u00e9vision suisse, Berne<\/h1>\t\t\t\t<\/div>\n\t\t\t\t<\/div>\n\t\t\t\t\t<\/div>\n\t\t<\/div>\n\t\t\t\t<div class=\"has_ae_slider elementor-column elementor-col-33 elementor-top-column elementor-element elementor-element-bbd6159 ae-bg-gallery-type-default\" data-id=\"bbd6159\" data-element_type=\"column\" data-e-type=\"column\">\n\t\t\t<div class=\"elementor-widget-wrap elementor-element-populated\">\n\t\t\t\t<div class=\"has_ae_slider elementor-element elementor-element-76e08db e-grid e-con-boxed ae-bg-gallery-type-default e-con e-parent\" data-id=\"76e08db\" data-element_type=\"container\" data-e-type=\"container\">\n\t\t\t\t\t<div class=\"e-con-inner\">\n\t\t\t\t<div class=\"elementor-element elementor-element-21a8dd0 elementor-align-justify elementor-widget elementor-widget-button\" data-id=\"21a8dd0\" data-element_type=\"widget\" data-e-type=\"widget\" data-widget_type=\"button.default\">\n\t\t\t\t<div class=\"elementor-widget-container\">\n\t\t\t\t\t\t\t\t\t<div class=\"elementor-button-wrapper\">\n\t\t\t\t\t<a class=\"elementor-button elementor-button-link elementor-size-sm\" href=\"https:\/\/rotex-metallbauteile.ch\/fr\/galerie-dinspiration\/\">\n\t\t\t\t\t\t<span class=\"elementor-button-content-wrapper\">\n\t\t\t\t\t\t\t\t\t<span class=\"elementor-button-text\">Aper\u00e7u<\/span>\n\t\t\t\t\t<\/span>\n\t\t\t\t\t<\/a>\n\t\t\t\t<\/div>\n\t\t\t\t\t\t\t\t<\/div>\n\t\t\t\t<\/div>\n\t\t\t\t<div class=\"elementor-element elementor-element-3689b81 elementor-align-justify elementor-widget elementor-widget-button\" data-id=\"3689b81\" data-element_type=\"widget\" data-e-type=\"widget\" data-widget_type=\"button.default\">\n\t\t\t\t<div class=\"elementor-widget-container\">\n\t\t\t\t\t\t\t\t\t<div class=\"elementor-button-wrapper\">\n\t\t\t\t\t<a class=\"elementor-button elementor-button-link elementor-size-sm\" href=\"https:\/\/rotex-metallbauteile.ch\/fr\/mur-anti-intemperies-insonorise-eth-schwerzenbach\/\">\n\t\t\t\t\t\t<span class=\"elementor-button-content-wrapper\">\n\t\t\t\t\t\t<span class=\"elementor-button-icon\">\n\t\t\t\t<i aria-hidden=\"true\" class=\"fas fa-arrow-right\"><\/i>\t\t\t<\/span>\n\t\t\t\t\t\t\t\t\t<span class=\"elementor-button-text\">Prochain<\/span>\n\t\t\t\t\t<\/span>\n\t\t\t\t\t<\/a>\n\t\t\t\t<\/div>\n\t\t\t\t\t\t\t\t<\/div>\n\t\t\t\t<\/div>\n\t\t\t\t\t<\/div>\n\t\t\t\t<\/div>\n\t\t\t\t\t<\/div>\n\t\t<\/div>\n\t\t\t\t\t<\/div>\n\t\t<\/section>\n\t\t\t\t<section class=\"has_ae_slider elementor-section elementor-top-section elementor-element elementor-element-a7c9e0e elementor-section-full_width elementor-section-height-default elementor-section-height-default ae-bg-gallery-type-default\" data-id=\"a7c9e0e\" data-element_type=\"section\" data-e-type=\"section\">\n\t\t\t\t\t\t<div class=\"elementor-container elementor-column-gap-default\">\n\t\t\t\t\t<div class=\"has_ae_slider elementor-column elementor-col-66 elementor-top-column elementor-element elementor-element-f917e21 ae-bg-gallery-type-default\" data-id=\"f917e21\" data-element_type=\"column\" data-e-type=\"column\">\n\t\t\t<div class=\"elementor-widget-wrap elementor-element-populated\">\n\t\t\t\t\t\t<div class=\"elementor-element elementor-element-a0c4ebf elementor-widget elementor-widget-text-editor\" data-id=\"a0c4ebf\" data-element_type=\"widget\" data-e-type=\"widget\" data-widget_type=\"text-editor.default\">\n\t\t\t\t<div class=\"elementor-widget-container\">\n\t\t\t\t\t\t\t\t\t<p><strong>Projet :<br><\/strong>Parking souterrain \/ autoroute SRG SSR Berne<\/p><p><strong>Produit :<br><\/strong><a href=\"https:\/\/rotex-metallbauteile.ch\/fr\/bardage-a-ventelles-filantes-ducowall-classic\/#classicw50z\">Ducowall 50<\/a> S (total de plus de 9000 m\u00e8tres de lamelles)<br>&#8211; d\u00e9coup\u00e9 sur mesure<br>&#8211; profil de retenue 21\/50<br>&#8211; support de lamelles : polyamide PA 6.6<\/p><p><strong>Voix sur le projet :<br><\/strong>&#8220;Les lamelles Ducolam apportent une valeur ajout\u00e9e esth\u00e9tique au b\u00e2timent. Nous avons d\u00e9j\u00e0 eu l&#8217;occasion d&#8217;ex\u00e9cuter des commandes ult\u00e9rieures pour ce client enthousiaste et satisfait. Les lamelles rev\u00eatues sont visibles \u00e0 la sortie d&#8217;autoroute &#8220;12 Bern-Ostring&#8221;&#8221;. <em>Marco Gehr, Rotex<\/em><\/p>\t\t\t\t\t\t\t\t<\/div>\n\t\t\t\t<\/div>\n\t\t\t\t\t<\/div>\n\t\t<\/div>\n\t\t\t\t<div class=\"has_ae_slider elementor-column elementor-col-33 elementor-top-column elementor-element elementor-element-47dcb83 ae-bg-gallery-type-default\" data-id=\"47dcb83\" data-element_type=\"column\" data-e-type=\"column\">\n\t\t\t<div class=\"elementor-widget-wrap elementor-element-populated\">\n\t\t\t\t\t\t<div class=\"elementor-element elementor-element-5176bb6 elementor-widget elementor-widget-image\" data-id=\"5176bb6\" data-element_type=\"widget\" data-e-type=\"widget\" data-widget_type=\"image.default\">\n\t\t\t\t<div class=\"elementor-widget-container\">\n\t\t\t\t\t\t\t\t\t\t\t\t\t\t\t<img fetchpriority=\"high\" decoding=\"async\" width=\"600\" height=\"450\" src=\"https:\/\/rotex-metallbauteile.ch\/wp-content\/uploads\/referenz-sf-1.jpg\" class=\"attachment-full size-full wp-image-5062\" alt=\"Gesch\u00e4ftshaus Schweizer Fernsehen, Bern Wetterschutzwand\" srcset=\"https:\/\/rotex-metallbauteile.ch\/wp-content\/uploads\/referenz-sf-1.jpg 600w, https:\/\/rotex-metallbauteile.ch\/wp-content\/uploads\/referenz-sf-1-300x225.jpg 300w\" sizes=\"(max-width: 600px) 100vw, 600px\" \/>\t\t\t\t\t\t\t\t\t\t\t\t\t\t\t<\/div>\n\t\t\t\t<\/div>\n\t\t\t\t\t<\/div>\n\t\t<\/div>\n\t\t\t\t\t<\/div>\n\t\t<\/section>\n\t\t\t\t<section class=\"has_ae_slider elementor-section elementor-top-section elementor-element elementor-element-1433c35 elementor-section-full_width elementor-section-height-default elementor-section-height-default ae-bg-gallery-type-default\" data-id=\"1433c35\" data-element_type=\"section\" data-e-type=\"section\">\n\t\t\t\t\t\t<div class=\"elementor-container elementor-column-gap-default\">\n\t\t\t\t\t<div class=\"has_ae_slider elementor-column elementor-col-100 elementor-top-column elementor-element elementor-element-cc0e64f ae-bg-gallery-type-default\" data-id=\"cc0e64f\" data-element_type=\"column\" data-e-type=\"column\">\n\t\t\t<div class=\"elementor-widget-wrap elementor-element-populated\">\n\t\t\t\t\t\t<div class=\"elementor-element elementor-element-c781e83 bdt-navigation-type-arrows elementor-widget elementor-widget-bdt-advanced-image-gallery\" data-id=\"c781e83\" data-element_type=\"widget\" data-e-type=\"widget\" data-widget_type=\"bdt-advanced-image-gallery.bdt-carousel\">\n\t\t\t\t<div class=\"elementor-widget-container\">\n\t\t\t\t\t\t\t<div class=\" bdt-arrows-align-center \" data-bdt-slider=\"{&quot;autoplay&quot;:true,&quot;autoplay-interval&quot;:7000,&quot;finite&quot;:false,&quot;pause-on-hover&quot;:true,&quot;center&quot;:false,&quot;sets&quot;:false}\">\r\n\t\t\t<div id=\"bdt-avdg-c781e83\" class=\"bdt-ep-advanced-image-gallery bdt-ep-advanced-image-gallery-skin-carousel bdt-grid bdt-grid-small bdt-slider-items bdt-child-width-1-1 bdt-child-width-1-3@s bdt-child-width-1-3@m\" data-bdt-grid=\"\" data-bdt-lightbox=\"animation: slide\" data-settings=\"{&quot;id&quot;:&quot;#bdt-avdg-c781e83&quot;,&quot;tiltShow&quot;:false}\">\r\n\t\t\t\t\t\t\r\n\t\t\t<div class=\"bdt-ep-advanced-image-gallery-item bdt-transition-toggle\">\r\n\t\t\t\t<div class=\"bdt-ep-advanced-image-gallery-inner bdt-image-mask\">\r\n\t\t\t\t\t<div class=\"bdt-ep-advanced-image-gallery-thumbnail bdt-transition-toggle\">\n\t\t\t<img decoding=\"async\"  src=\"https:\/\/rotex-metallbauteile.ch\/wp-content\/uploads\/referenz-sf-2.jpg\" alt=\"SRG SSR Infos\u00e4ule\" class=\"jgalleryImage\">\n\t\t<\/div>\t\t<div class=\"bdt-position-cover bdt-overlay bdt-overlay-default bdt-transition-fade\">\n\t\t\t<div class=\"bdt-ep-advanced-image-gallery-content\">\n\t\t\t\t<div class=\"bdt-ep-advanced-image-gallery-content-inner\">\n\n\t\t\t\t\t\t\t\t\t\t\t\t\t\t\t\t<div class=\"bdt-flex-inline bdt-ep-advanced-image-gallery-item-link-wrapper\">\n\t\t\t\t\t\t\t<a class=\"bdt-ep-advanced-image-gallery-item-link elementor-clickable icon-type-icon\" data-elementor-open-lightbox=\"no\" data-caption=\"\" href=\"https:\/\/rotex-metallbauteile.ch\/wp-content\/uploads\/referenz-sf-2.jpg\">\n\t\t\t\t\t\t\t\t\n\t\t\t\t\t\t\t\t\t\t\t\t\t\t\t\t\t\t\t<span>\n\t\t\t\t\t\t\t\t\t\t\t<i class=\"ep-icon-plus-2\"><\/i>\n\t\t\t\t\t\t\t\t\t\t<\/span>\n\t\t\t\t\t\t\t\t\t\n\t\t\t\t\t\t\t\t\t\t\t\t\t\t\t<\/a>\n\t\t\t\t\t\t<\/div>\n\t\t\t\t\t\n\t\t\t\t\t\t\t\t\t<\/div>\n\t\t\t<\/div>\n\t\t<\/div>\n\t\t\t\t\t\t<\/div>\r\n\r\n\t\t\t\t\t\t\t<\/div>\r\n\r\n\t\t\t\t\t\t\r\n\t\t\t<div class=\"bdt-ep-advanced-image-gallery-item bdt-transition-toggle\">\r\n\t\t\t\t<div class=\"bdt-ep-advanced-image-gallery-inner bdt-image-mask\">\r\n\t\t\t\t\t<div class=\"bdt-ep-advanced-image-gallery-thumbnail bdt-transition-toggle\">\n\t\t\t<img decoding=\"async\"  src=\"https:\/\/rotex-metallbauteile.ch\/wp-content\/uploads\/referenz-sf-3.jpg\" alt=\"Gesch\u00e4ftshaus Schweizer Fernsehen, Bern Wetterschutzwand Strasse\" class=\"jgalleryImage\">\n\t\t<\/div>\t\t<div class=\"bdt-position-cover bdt-overlay bdt-overlay-default bdt-transition-fade\">\n\t\t\t<div class=\"bdt-ep-advanced-image-gallery-content\">\n\t\t\t\t<div class=\"bdt-ep-advanced-image-gallery-content-inner\">\n\n\t\t\t\t\t\t\t\t\t\t\t\t\t\t\t\t<div class=\"bdt-flex-inline bdt-ep-advanced-image-gallery-item-link-wrapper\">\n\t\t\t\t\t\t\t<a class=\"bdt-ep-advanced-image-gallery-item-link elementor-clickable icon-type-icon\" data-elementor-open-lightbox=\"no\" data-caption=\"\" href=\"https:\/\/rotex-metallbauteile.ch\/wp-content\/uploads\/referenz-sf-3.jpg\">\n\t\t\t\t\t\t\t\t\n\t\t\t\t\t\t\t\t\t\t\t\t\t\t\t\t\t\t\t<span>\n\t\t\t\t\t\t\t\t\t\t\t<i class=\"ep-icon-plus-2\"><\/i>\n\t\t\t\t\t\t\t\t\t\t<\/span>\n\t\t\t\t\t\t\t\t\t\n\t\t\t\t\t\t\t\t\t\t\t\t\t\t\t<\/a>\n\t\t\t\t\t\t<\/div>\n\t\t\t\t\t\n\t\t\t\t\t\t\t\t\t<\/div>\n\t\t\t<\/div>\n\t\t<\/div>\n\t\t\t\t\t\t<\/div>\r\n\r\n\t\t\t\t\t\t\t<\/div>\r\n\r\n\t\t\t\t\t\t\r\n\t\t\t<div class=\"bdt-ep-advanced-image-gallery-item bdt-transition-toggle\">\r\n\t\t\t\t<div class=\"bdt-ep-advanced-image-gallery-inner bdt-image-mask\">\r\n\t\t\t\t\t<div class=\"bdt-ep-advanced-image-gallery-thumbnail bdt-transition-toggle\">\n\t\t\t<img decoding=\"async\"  src=\"https:\/\/rotex-metallbauteile.ch\/wp-content\/uploads\/referenz-sf-4.jpg\" alt=\"Wetterschutzfassade SRF\" class=\"jgalleryImage\">\n\t\t<\/div>\t\t<div class=\"bdt-position-cover bdt-overlay bdt-overlay-default bdt-transition-fade\">\n\t\t\t<div class=\"bdt-ep-advanced-image-gallery-content\">\n\t\t\t\t<div class=\"bdt-ep-advanced-image-gallery-content-inner\">\n\n\t\t\t\t\t\t\t\t\t\t\t\t\t\t\t\t<div class=\"bdt-flex-inline bdt-ep-advanced-image-gallery-item-link-wrapper\">\n\t\t\t\t\t\t\t<a class=\"bdt-ep-advanced-image-gallery-item-link elementor-clickable icon-type-icon\" data-elementor-open-lightbox=\"no\" data-caption=\"\" href=\"https:\/\/rotex-metallbauteile.ch\/wp-content\/uploads\/referenz-sf-4.jpg\">\n\t\t\t\t\t\t\t\t\n\t\t\t\t\t\t\t\t\t\t\t\t\t\t\t\t\t\t\t<span>\n\t\t\t\t\t\t\t\t\t\t\t<i class=\"ep-icon-plus-2\"><\/i>\n\t\t\t\t\t\t\t\t\t\t<\/span>\n\t\t\t\t\t\t\t\t\t\n\t\t\t\t\t\t\t\t\t\t\t\t\t\t\t<\/a>\n\t\t\t\t\t\t<\/div>\n\t\t\t\t\t\n\t\t\t\t\t\t\t\t\t<\/div>\n\t\t\t<\/div>\n\t\t<\/div>\n\t\t\t\t\t\t<\/div>\r\n\r\n\t\t\t\t\t\t\t<\/div>\r\n\r\n\t\t\t\t\t\t\r\n\t\t\t<div class=\"bdt-ep-advanced-image-gallery-item bdt-transition-toggle\">\r\n\t\t\t\t<div class=\"bdt-ep-advanced-image-gallery-inner bdt-image-mask\">\r\n\t\t\t\t\t<div class=\"bdt-ep-advanced-image-gallery-thumbnail bdt-transition-toggle\">\n\t\t\t<img decoding=\"async\"  src=\"https:\/\/rotex-metallbauteile.ch\/wp-content\/uploads\/referenz-sf-5.jpg\" alt=\"Wetterschutzlamellen SRF Geb\u00e4ude Bern\" class=\"jgalleryImage\">\n\t\t<\/div>\t\t<div class=\"bdt-position-cover bdt-overlay bdt-overlay-default bdt-transition-fade\">\n\t\t\t<div class=\"bdt-ep-advanced-image-gallery-content\">\n\t\t\t\t<div class=\"bdt-ep-advanced-image-gallery-content-inner\">\n\n\t\t\t\t\t\t\t\t\t\t\t\t\t\t\t\t<div class=\"bdt-flex-inline bdt-ep-advanced-image-gallery-item-link-wrapper\">\n\t\t\t\t\t\t\t<a class=\"bdt-ep-advanced-image-gallery-item-link elementor-clickable icon-type-icon\" data-elementor-open-lightbox=\"no\" data-caption=\"\" href=\"https:\/\/rotex-metallbauteile.ch\/wp-content\/uploads\/referenz-sf-5.jpg\">\n\t\t\t\t\t\t\t\t\n\t\t\t\t\t\t\t\t\t\t\t\t\t\t\t\t\t\t\t<span>\n\t\t\t\t\t\t\t\t\t\t\t<i class=\"ep-icon-plus-2\"><\/i>\n\t\t\t\t\t\t\t\t\t\t<\/span>\n\t\t\t\t\t\t\t\t\t\n\t\t\t\t\t\t\t\t\t\t\t\t\t\t\t<\/a>\n\t\t\t\t\t\t<\/div>\n\t\t\t\t\t\n\t\t\t\t\t\t\t\t\t<\/div>\n\t\t\t<\/div>\n\t\t<\/div>\n\t\t\t\t\t\t<\/div>\r\n\r\n\t\t\t\t\t\t\t<\/div>\r\n\r\n\t\t\t\t<\/div>\r\n\t\t\t\t\t\t\t<div class=\"bdt-position-z-index bdt-position-center bdt-visible@m\">\r\n\t\t\t<div class=\"bdt-arrows-container bdt-slidenav-container\">\r\n\t\t\t\t<a href=\"\" class=\"bdt-navigation-prev bdt-slidenav-previous bdt-slidenav\" data-bdt-slider-item=\"previous\">\r\n\t\t\t\t\t<i class=\"ep-icon-arrow-left-5\" aria-hidden=\"true\"><\/i>\r\n\t\t\t\t<\/a>\r\n\t\t\t\t<a href=\"\" class=\"bdt-navigation-next bdt-slidenav-next bdt-slidenav\" data-bdt-slider-item=\"next\">\r\n\t\t\t\t\t<i class=\"ep-icon-arrow-right-5\" aria-hidden=\"true\"><\/i>\r\n\t\t\t\t<\/a>\r\n\t\t\t<\/div>\r\n\t\t<\/div>\r\n\t\t\t\t\t<\/div>\r\n\t\t\t\t\t<\/div>\n\t\t\t\t<\/div>\n\t\t\t\t\t<\/div>\n\t\t<\/div>\n\t\t\t\t\t<\/div>\n\t\t<\/section>\n\t\t\t\t<\/div>\n\t\t","protected":false},"excerpt":{"rendered":"<p>Immeuble commercial T\u00e9l\u00e9vision suisse, Berne Aper\u00e7u Prochain Projet :Parking souterrain \/ autoroute SRG SSR Berne Produit :Ducowall 50 S (total de plus de 9000 m\u00e8tres de lamelles)&#8211; d\u00e9coup\u00e9 sur mesure&#8211; profil de retenue 21\/50&#8211; support de lamelles : polyamide PA 6.6 Voix sur le projet :&#8220;Les lamelles Ducolam apportent une valeur ajout\u00e9e esth\u00e9tique au b\u00e2timent. &#8230; <a title=\"Immeuble commercial T\u00e9l\u00e9vision suisse, Berne\" class=\"read-more\" href=\"https:\/\/rotex-metallbauteile.ch\/fr\/immeuble-commercial-television-suisse-berne\/\" aria-label=\"Read more about Immeuble commercial T\u00e9l\u00e9vision suisse, Berne\">Read more<\/a><\/p>\n","protected":false},"author":3,"featured_media":0,"parent":0,"menu_order":0,"comment_status":"closed","ping_status":"closed","template":"","meta":{"_acf_changed":false,"inline_featured_image":false,"footnotes":""},"class_list":["post-5074","page","type-page","status-publish"],"acf":[],"yoast_head":"<!-- This site is optimized with the Yoast SEO plugin v27.2 - https:\/\/yoast.com\/product\/yoast-seo-wordpress\/ -->\n<title>Immeuble commercial T\u00e9l\u00e9vision suisse, Berne - Rotex Metallbauteile GmbH<\/title>\n<meta name=\"robots\" content=\"index, follow, max-snippet:-1, max-image-preview:large, max-video-preview:-1\" \/>\n<link rel=\"canonical\" href=\"https:\/\/rotex-metallbauteile.ch\/fr\/immeuble-commercial-television-suisse-berne\/\" \/>\n<meta property=\"og:locale\" content=\"fr_FR\" \/>\n<meta property=\"og:type\" content=\"article\" \/>\n<meta property=\"og:title\" content=\"Immeuble commercial T\u00e9l\u00e9vision suisse, Berne - Rotex Metallbauteile GmbH\" \/>\n<meta property=\"og:description\" content=\"Immeuble commercial T\u00e9l\u00e9vision suisse, Berne Aper\u00e7u Prochain Projet :Parking souterrain \/ autoroute SRG SSR Berne Produit :Ducowall 50 S (total de plus de 9000 m\u00e8tres de lamelles)&#8211; d\u00e9coup\u00e9 sur mesure&#8211; profil de retenue 21\/50&#8211; support de lamelles : polyamide PA 6.6 Voix sur le projet :&#8220;Les lamelles Ducolam apportent une valeur ajout\u00e9e esth\u00e9tique au b\u00e2timent. ... Read more\" \/>\n<meta property=\"og:url\" content=\"https:\/\/rotex-metallbauteile.ch\/fr\/immeuble-commercial-television-suisse-berne\/\" \/>\n<meta property=\"og:site_name\" content=\"Rotex Metallbauteile GmbH\" \/>\n<meta property=\"article:modified_time\" content=\"2026-02-24T08:19:53+00:00\" \/>\n<meta property=\"og:image\" content=\"https:\/\/rotex-metallbauteile.ch\/wp-content\/uploads\/referenz-sf-1.jpg\" \/>\n<meta name=\"twitter:card\" content=\"summary_large_image\" \/>\n<script type=\"application\/ld+json\" class=\"yoast-schema-graph\">{\"@context\":\"https:\/\/schema.org\",\"@graph\":[{\"@type\":\"WebPage\",\"@id\":\"https:\/\/rotex-metallbauteile.ch\/fr\/immeuble-commercial-television-suisse-berne\/\",\"url\":\"https:\/\/rotex-metallbauteile.ch\/fr\/immeuble-commercial-television-suisse-berne\/\",\"name\":\"Immeuble commercial T\u00e9l\u00e9vision suisse, Berne - Rotex Metallbauteile GmbH\",\"isPartOf\":{\"@id\":\"https:\/\/rotex-metallbauteile.ch\/fr\/#website\"},\"primaryImageOfPage\":{\"@id\":\"https:\/\/rotex-metallbauteile.ch\/fr\/immeuble-commercial-television-suisse-berne\/#primaryimage\"},\"image\":{\"@id\":\"https:\/\/rotex-metallbauteile.ch\/fr\/immeuble-commercial-television-suisse-berne\/#primaryimage\"},\"thumbnailUrl\":\"https:\/\/rotex-metallbauteile.ch\/wp-content\/uploads\/referenz-sf-1.jpg\",\"datePublished\":\"2022-06-08T08:06:57+00:00\",\"dateModified\":\"2026-02-24T08:19:53+00:00\",\"breadcrumb\":{\"@id\":\"https:\/\/rotex-metallbauteile.ch\/fr\/immeuble-commercial-television-suisse-berne\/#breadcrumb\"},\"inLanguage\":\"fr-FR\",\"potentialAction\":[{\"@type\":\"ReadAction\",\"target\":[\"https:\/\/rotex-metallbauteile.ch\/fr\/immeuble-commercial-television-suisse-berne\/\"]}]},{\"@type\":\"ImageObject\",\"inLanguage\":\"fr-FR\",\"@id\":\"https:\/\/rotex-metallbauteile.ch\/fr\/immeuble-commercial-television-suisse-berne\/#primaryimage\",\"url\":\"https:\/\/rotex-metallbauteile.ch\/wp-content\/uploads\/referenz-sf-1.jpg\",\"contentUrl\":\"https:\/\/rotex-metallbauteile.ch\/wp-content\/uploads\/referenz-sf-1.jpg\"},{\"@type\":\"BreadcrumbList\",\"@id\":\"https:\/\/rotex-metallbauteile.ch\/fr\/immeuble-commercial-television-suisse-berne\/#breadcrumb\",\"itemListElement\":[{\"@type\":\"ListItem\",\"position\":1,\"name\":\"Startseite\",\"item\":\"https:\/\/rotex-metallbauteile.ch\/fr\/\"},{\"@type\":\"ListItem\",\"position\":2,\"name\":\"Immeuble commercial T\u00e9l\u00e9vision suisse, Berne\"}]},{\"@type\":\"WebSite\",\"@id\":\"https:\/\/rotex-metallbauteile.ch\/fr\/#website\",\"url\":\"https:\/\/rotex-metallbauteile.ch\/fr\/\",\"name\":\"Rotex Metallbauteile GmbH\",\"description\":\"\",\"publisher\":{\"@id\":\"https:\/\/rotex-metallbauteile.ch\/fr\/#organization\"},\"potentialAction\":[{\"@type\":\"SearchAction\",\"target\":{\"@type\":\"EntryPoint\",\"urlTemplate\":\"https:\/\/rotex-metallbauteile.ch\/fr\/?s={search_term_string}\"},\"query-input\":{\"@type\":\"PropertyValueSpecification\",\"valueRequired\":true,\"valueName\":\"search_term_string\"}}],\"inLanguage\":\"fr-FR\"},{\"@type\":\"Organization\",\"@id\":\"https:\/\/rotex-metallbauteile.ch\/fr\/#organization\",\"name\":\"Rotex Metallbauteile GmbH\",\"url\":\"https:\/\/rotex-metallbauteile.ch\/fr\/\",\"logo\":{\"@type\":\"ImageObject\",\"inLanguage\":\"fr-FR\",\"@id\":\"https:\/\/rotex-metallbauteile.ch\/fr\/#\/schema\/logo\/image\/\",\"url\":\"https:\/\/rotex-metallbauteile.ch\/wp-content\/uploads\/logo_ohne_redbar.png\",\"contentUrl\":\"https:\/\/rotex-metallbauteile.ch\/wp-content\/uploads\/logo_ohne_redbar.png\",\"width\":409,\"height\":126,\"caption\":\"Rotex Metallbauteile GmbH\"},\"image\":{\"@id\":\"https:\/\/rotex-metallbauteile.ch\/fr\/#\/schema\/logo\/image\/\"},\"sameAs\":[\"https:\/\/www.linkedin.com\/company\/rotex-metallbauteile\/\"]}]}<\/script>\n<!-- \/ Yoast SEO plugin. -->","yoast_head_json":{"title":"Immeuble commercial T\u00e9l\u00e9vision suisse, Berne - Rotex Metallbauteile GmbH","robots":{"index":"index","follow":"follow","max-snippet":"max-snippet:-1","max-image-preview":"max-image-preview:large","max-video-preview":"max-video-preview:-1"},"canonical":"https:\/\/rotex-metallbauteile.ch\/fr\/immeuble-commercial-television-suisse-berne\/","og_locale":"fr_FR","og_type":"article","og_title":"Immeuble commercial T\u00e9l\u00e9vision suisse, Berne - Rotex Metallbauteile GmbH","og_description":"Immeuble commercial T\u00e9l\u00e9vision suisse, Berne Aper\u00e7u Prochain Projet :Parking souterrain \/ autoroute SRG SSR Berne Produit :Ducowall 50 S (total de plus de 9000 m\u00e8tres de lamelles)&#8211; d\u00e9coup\u00e9 sur mesure&#8211; profil de retenue 21\/50&#8211; support de lamelles : polyamide PA 6.6 Voix sur le projet :&#8220;Les lamelles Ducolam apportent une valeur ajout\u00e9e esth\u00e9tique au b\u00e2timent. ... Read more","og_url":"https:\/\/rotex-metallbauteile.ch\/fr\/immeuble-commercial-television-suisse-berne\/","og_site_name":"Rotex Metallbauteile GmbH","article_modified_time":"2026-02-24T08:19:53+00:00","og_image":[{"url":"https:\/\/rotex-metallbauteile.ch\/wp-content\/uploads\/referenz-sf-1.jpg","type":"","width":"","height":""}],"twitter_card":"summary_large_image","schema":{"@context":"https:\/\/schema.org","@graph":[{"@type":"WebPage","@id":"https:\/\/rotex-metallbauteile.ch\/fr\/immeuble-commercial-television-suisse-berne\/","url":"https:\/\/rotex-metallbauteile.ch\/fr\/immeuble-commercial-television-suisse-berne\/","name":"Immeuble commercial T\u00e9l\u00e9vision suisse, Berne - Rotex Metallbauteile GmbH","isPartOf":{"@id":"https:\/\/rotex-metallbauteile.ch\/fr\/#website"},"primaryImageOfPage":{"@id":"https:\/\/rotex-metallbauteile.ch\/fr\/immeuble-commercial-television-suisse-berne\/#primaryimage"},"image":{"@id":"https:\/\/rotex-metallbauteile.ch\/fr\/immeuble-commercial-television-suisse-berne\/#primaryimage"},"thumbnailUrl":"https:\/\/rotex-metallbauteile.ch\/wp-content\/uploads\/referenz-sf-1.jpg","datePublished":"2022-06-08T08:06:57+00:00","dateModified":"2026-02-24T08:19:53+00:00","breadcrumb":{"@id":"https:\/\/rotex-metallbauteile.ch\/fr\/immeuble-commercial-television-suisse-berne\/#breadcrumb"},"inLanguage":"fr-FR","potentialAction":[{"@type":"ReadAction","target":["https:\/\/rotex-metallbauteile.ch\/fr\/immeuble-commercial-television-suisse-berne\/"]}]},{"@type":"ImageObject","inLanguage":"fr-FR","@id":"https:\/\/rotex-metallbauteile.ch\/fr\/immeuble-commercial-television-suisse-berne\/#primaryimage","url":"https:\/\/rotex-metallbauteile.ch\/wp-content\/uploads\/referenz-sf-1.jpg","contentUrl":"https:\/\/rotex-metallbauteile.ch\/wp-content\/uploads\/referenz-sf-1.jpg"},{"@type":"BreadcrumbList","@id":"https:\/\/rotex-metallbauteile.ch\/fr\/immeuble-commercial-television-suisse-berne\/#breadcrumb","itemListElement":[{"@type":"ListItem","position":1,"name":"Startseite","item":"https:\/\/rotex-metallbauteile.ch\/fr\/"},{"@type":"ListItem","position":2,"name":"Immeuble commercial T\u00e9l\u00e9vision suisse, Berne"}]},{"@type":"WebSite","@id":"https:\/\/rotex-metallbauteile.ch\/fr\/#website","url":"https:\/\/rotex-metallbauteile.ch\/fr\/","name":"Rotex Metallbauteile GmbH","description":"","publisher":{"@id":"https:\/\/rotex-metallbauteile.ch\/fr\/#organization"},"potentialAction":[{"@type":"SearchAction","target":{"@type":"EntryPoint","urlTemplate":"https:\/\/rotex-metallbauteile.ch\/fr\/?s={search_term_string}"},"query-input":{"@type":"PropertyValueSpecification","valueRequired":true,"valueName":"search_term_string"}}],"inLanguage":"fr-FR"},{"@type":"Organization","@id":"https:\/\/rotex-metallbauteile.ch\/fr\/#organization","name":"Rotex Metallbauteile GmbH","url":"https:\/\/rotex-metallbauteile.ch\/fr\/","logo":{"@type":"ImageObject","inLanguage":"fr-FR","@id":"https:\/\/rotex-metallbauteile.ch\/fr\/#\/schema\/logo\/image\/","url":"https:\/\/rotex-metallbauteile.ch\/wp-content\/uploads\/logo_ohne_redbar.png","contentUrl":"https:\/\/rotex-metallbauteile.ch\/wp-content\/uploads\/logo_ohne_redbar.png","width":409,"height":126,"caption":"Rotex Metallbauteile GmbH"},"image":{"@id":"https:\/\/rotex-metallbauteile.ch\/fr\/#\/schema\/logo\/image\/"},"sameAs":["https:\/\/www.linkedin.com\/company\/rotex-metallbauteile\/"]}]}},"_links":{"self":[{"href":"https:\/\/rotex-metallbauteile.ch\/fr\/wp-json\/wp\/v2\/pages\/5074","targetHints":{"allow":["GET"]}}],"collection":[{"href":"https:\/\/rotex-metallbauteile.ch\/fr\/wp-json\/wp\/v2\/pages"}],"about":[{"href":"https:\/\/rotex-metallbauteile.ch\/fr\/wp-json\/wp\/v2\/types\/page"}],"author":[{"embeddable":true,"href":"https:\/\/rotex-metallbauteile.ch\/fr\/wp-json\/wp\/v2\/users\/3"}],"replies":[{"embeddable":true,"href":"https:\/\/rotex-metallbauteile.ch\/fr\/wp-json\/wp\/v2\/comments?post=5074"}],"version-history":[{"count":0,"href":"https:\/\/rotex-metallbauteile.ch\/fr\/wp-json\/wp\/v2\/pages\/5074\/revisions"}],"wp:attachment":[{"href":"https:\/\/rotex-metallbauteile.ch\/fr\/wp-json\/wp\/v2\/media?parent=5074"}],"curies":[{"name":"wp","href":"https:\/\/api.w.org\/{rel}","templated":true}]}}