{"id":4363,"date":"2022-05-11T08:57:18","date_gmt":"2022-05-11T06:57:18","guid":{"rendered":"https:\/\/rotex-metallbauteile.ch\/renovation-du-toit-du-congres-einstein-a-st-gall\/"},"modified":"2026-02-18T09:31:07","modified_gmt":"2026-02-18T08:31:07","slug":"renovation-du-toit-du-congres-einstein-a-st-gall","status":"publish","type":"page","link":"https:\/\/rotex-metallbauteile.ch\/fr\/renovation-du-toit-du-congres-einstein-a-st-gall\/","title":{"rendered":"R\u00e9novation du toit du Congr\u00e8s Einstein \u00e0 St-Gall"},"content":{"rendered":"\t\t<div data-elementor-type=\"wp-page\" data-elementor-id=\"4363\" class=\"elementor elementor-4363 elementor-3030\" data-elementor-post-type=\"page\">\n\t\t\t\t\t\t<section class=\"has_ae_slider elementor-section elementor-top-section elementor-element elementor-element-c3722aa elementor-section-full_width elementor-reverse-mobile elementor-section-height-default elementor-section-height-default ae-bg-gallery-type-default\" data-id=\"c3722aa\" data-element_type=\"section\" data-e-type=\"section\">\n\t\t\t\t\t\t<div class=\"elementor-container elementor-column-gap-default\">\n\t\t\t\t\t<div class=\"has_ae_slider elementor-column elementor-col-66 elementor-top-column elementor-element elementor-element-1c5fca7 ae-bg-gallery-type-default\" data-id=\"1c5fca7\" data-element_type=\"column\" data-e-type=\"column\">\n\t\t\t<div class=\"elementor-widget-wrap elementor-element-populated\">\n\t\t\t\t\t\t<div class=\"elementor-element elementor-element-ff93dd4 elementor-widget elementor-widget-heading\" data-id=\"ff93dd4\" data-element_type=\"widget\" data-e-type=\"widget\" data-widget_type=\"heading.default\">\n\t\t\t\t<div class=\"elementor-widget-container\">\n\t\t\t\t\t<h1 class=\"elementor-heading-title elementor-size-large\">Centre de congr\u00e8s Einstein, Saint-Gall<\/h1>\t\t\t\t<\/div>\n\t\t\t\t<\/div>\n\t\t\t\t\t<\/div>\n\t\t<\/div>\n\t\t\t\t<div class=\"has_ae_slider elementor-column elementor-col-33 elementor-top-column elementor-element elementor-element-f33493d ae-bg-gallery-type-default\" data-id=\"f33493d\" data-element_type=\"column\" data-e-type=\"column\">\n\t\t\t<div class=\"elementor-widget-wrap elementor-element-populated\">\n\t\t\t\t<div class=\"has_ae_slider elementor-element elementor-element-bf183c9 e-grid e-con-boxed ae-bg-gallery-type-default e-con e-parent\" data-id=\"bf183c9\" data-element_type=\"container\" data-e-type=\"container\">\n\t\t\t\t\t<div class=\"e-con-inner\">\n\t\t\t\t<div class=\"elementor-element elementor-element-1996e86 elementor-align-justify elementor-widget elementor-widget-button\" data-id=\"1996e86\" data-element_type=\"widget\" data-e-type=\"widget\" data-widget_type=\"button.default\">\n\t\t\t\t<div class=\"elementor-widget-container\">\n\t\t\t\t\t\t\t\t\t<div class=\"elementor-button-wrapper\">\n\t\t\t\t\t<a class=\"elementor-button elementor-button-link elementor-size-sm\" href=\"https:\/\/rotex-metallbauteile.ch\/fr\/galerie-dinspiration\/\">\n\t\t\t\t\t\t<span class=\"elementor-button-content-wrapper\">\n\t\t\t\t\t\t\t\t\t<span class=\"elementor-button-text\">Aper\u00e7u<\/span>\n\t\t\t\t\t<\/span>\n\t\t\t\t\t<\/a>\n\t\t\t\t<\/div>\n\t\t\t\t\t\t\t\t<\/div>\n\t\t\t\t<\/div>\n\t\t\t\t<div class=\"elementor-element elementor-element-04d8d06 elementor-align-justify elementor-widget elementor-widget-button\" data-id=\"04d8d06\" data-element_type=\"widget\" data-e-type=\"widget\" data-widget_type=\"button.default\">\n\t\t\t\t<div class=\"elementor-widget-container\">\n\t\t\t\t\t\t\t\t\t<div class=\"elementor-button-wrapper\">\n\t\t\t\t\t<a class=\"elementor-button elementor-button-link elementor-size-sm\" href=\"https:\/\/rotex-metallbauteile.ch\/fr\/ecole-de-hagendorn-zg\/\">\n\t\t\t\t\t\t<span class=\"elementor-button-content-wrapper\">\n\t\t\t\t\t\t<span class=\"elementor-button-icon\">\n\t\t\t\t<i aria-hidden=\"true\" class=\"fas fa-arrow-right\"><\/i>\t\t\t<\/span>\n\t\t\t\t\t\t\t\t\t<span class=\"elementor-button-text\">Prochain<\/span>\n\t\t\t\t\t<\/span>\n\t\t\t\t\t<\/a>\n\t\t\t\t<\/div>\n\t\t\t\t\t\t\t\t<\/div>\n\t\t\t\t<\/div>\n\t\t\t\t\t<\/div>\n\t\t\t\t<\/div>\n\t\t\t\t\t<\/div>\n\t\t<\/div>\n\t\t\t\t\t<\/div>\n\t\t<\/section>\n\t\t\t\t<section class=\"has_ae_slider elementor-section elementor-top-section elementor-element elementor-element-5e0aad0a elementor-section-full_width elementor-section-height-default elementor-section-height-default ae-bg-gallery-type-default\" data-id=\"5e0aad0a\" data-element_type=\"section\" data-e-type=\"section\">\n\t\t\t\t\t\t<div class=\"elementor-container elementor-column-gap-default\">\n\t\t\t\t\t<div class=\"has_ae_slider elementor-column elementor-col-66 elementor-top-column elementor-element elementor-element-7326a2b7 ae-bg-gallery-type-default\" data-id=\"7326a2b7\" data-element_type=\"column\" data-e-type=\"column\">\n\t\t\t<div class=\"elementor-widget-wrap elementor-element-populated\">\n\t\t\t\t\t\t<div class=\"elementor-element elementor-element-7dbb1314 elementor-widget elementor-widget-text-editor\" data-id=\"7dbb1314\" data-element_type=\"widget\" data-e-type=\"widget\" data-widget_type=\"text-editor.default\">\n\t\t\t\t<div class=\"elementor-widget-container\">\n\t\t\t\t\t\t\t\t\t<p><strong>Projet :<br><\/strong>R\u00e9novation du toit du Congr\u00e8s Einstein de Saint-Gall<\/p><p><strong>Produit :<br><\/strong><a href=\"https:\/\/rotex-metallbauteile.ch\/fr\/panneau-de-protection-contre-les-intemperies\/\">Ducowall 60 C<\/a> en cuivre<\/p><ul><li>Hauteur des lamelles : 53.5 mm \/ Pas des lamelles : 50 mm<\/li><li>Profil\u00e9 de maintien : 21\/50 Multi<\/li><li>Support de lamelles : polyamide PA 6.6<\/li><\/ul><p><strong>Voici ce qu&#8217;en pense le client <br><\/strong>&#8220;J&#8217;ai d&#8217;abord con\u00e7u ma propre lamelle en cuivre. J&#8217;ai ensuite \u00e9t\u00e9 convaincu par le produit de Rotex, qui avait d\u00e9j\u00e0 fait ses preuves. Les avantages techniques et l&#8217;aspect visuel ont \u00e9galement permis au ma\u00eetre d&#8217;ouvrage de confirmer le Ducowall. Le montage a \u00e9t\u00e9 facile et tout le monde \u00e9tait satisfait lors de la r\u00e9ception du chantier&#8221;. <em>Client Marcel St\u00e4dler<\/em><\/p>\t\t\t\t\t\t\t\t<\/div>\n\t\t\t\t<\/div>\n\t\t\t\t\t<\/div>\n\t\t<\/div>\n\t\t\t\t<div class=\"has_ae_slider elementor-column elementor-col-33 elementor-top-column elementor-element elementor-element-4b1fd1c9 ae-bg-gallery-type-default\" data-id=\"4b1fd1c9\" data-element_type=\"column\" data-e-type=\"column\">\n\t\t\t<div class=\"elementor-widget-wrap elementor-element-populated\">\n\t\t\t\t\t\t<div class=\"elementor-element elementor-element-100df7fb elementor-widget elementor-widget-image\" data-id=\"100df7fb\" data-element_type=\"widget\" data-e-type=\"widget\" data-widget_type=\"image.default\">\n\t\t\t\t<div class=\"elementor-widget-container\">\n\t\t\t\t\t\t\t\t\t\t\t\t\t\t\t<img fetchpriority=\"high\" decoding=\"async\" width=\"450\" height=\"600\" src=\"https:\/\/rotex-metallbauteile.ch\/wp-content\/uploads\/referenz-einstein-1-1.jpg\" class=\"attachment-full size-full wp-image-3730\" alt=\"Dachsanierung mit Kupfer Wetterschutzlamellen Einstein Kongresszentrum St. Gallen\" srcset=\"https:\/\/rotex-metallbauteile.ch\/wp-content\/uploads\/referenz-einstein-1-1.jpg 450w, https:\/\/rotex-metallbauteile.ch\/wp-content\/uploads\/referenz-einstein-1-1-225x300.jpg 225w\" sizes=\"(max-width: 450px) 100vw, 450px\" \/>\t\t\t\t\t\t\t\t\t\t\t\t\t\t\t<\/div>\n\t\t\t\t<\/div>\n\t\t\t\t\t<\/div>\n\t\t<\/div>\n\t\t\t\t\t<\/div>\n\t\t<\/section>\n\t\t\t\t<section class=\"has_ae_slider elementor-section elementor-top-section elementor-element elementor-element-43dbca7b elementor-section-full_width elementor-section-height-default elementor-section-height-default ae-bg-gallery-type-default\" data-id=\"43dbca7b\" data-element_type=\"section\" data-e-type=\"section\">\n\t\t\t\t\t\t<div class=\"elementor-container elementor-column-gap-default\">\n\t\t\t\t\t<div class=\"has_ae_slider elementor-column elementor-col-100 elementor-top-column elementor-element elementor-element-67a1c05f ae-bg-gallery-type-default\" data-id=\"67a1c05f\" data-element_type=\"column\" data-e-type=\"column\">\n\t\t\t<div class=\"elementor-widget-wrap elementor-element-populated\">\n\t\t\t\t\t\t<div class=\"elementor-element elementor-element-2f11d3e4 bdt-navigation-type-arrows elementor-widget elementor-widget-bdt-advanced-image-gallery\" data-id=\"2f11d3e4\" data-element_type=\"widget\" data-e-type=\"widget\" data-widget_type=\"bdt-advanced-image-gallery.bdt-carousel\">\n\t\t\t\t<div class=\"elementor-widget-container\">\n\t\t\t\t\t\t\t<div class=\" bdt-arrows-align-center \" data-bdt-slider=\"{&quot;autoplay&quot;:true,&quot;autoplay-interval&quot;:7000,&quot;finite&quot;:false,&quot;pause-on-hover&quot;:true,&quot;center&quot;:false,&quot;sets&quot;:false}\">\r\n\t\t\t<div id=\"bdt-avdg-2f11d3e4\" class=\"bdt-ep-advanced-image-gallery bdt-ep-advanced-image-gallery-skin-carousel bdt-grid bdt-grid-small bdt-slider-items bdt-child-width-1-1 bdt-child-width-1-3@s bdt-child-width-1-3@m\" data-bdt-grid=\"\" data-bdt-lightbox=\"animation: slide\" data-settings=\"{&quot;id&quot;:&quot;#bdt-avdg-2f11d3e4&quot;,&quot;tiltShow&quot;:false}\">\r\n\t\t\t\t\t\t\r\n\t\t\t<div class=\"bdt-ep-advanced-image-gallery-item bdt-transition-toggle\">\r\n\t\t\t\t<div class=\"bdt-ep-advanced-image-gallery-inner bdt-image-mask\">\r\n\t\t\t\t\t<div class=\"bdt-ep-advanced-image-gallery-thumbnail bdt-transition-toggle\">\n\t\t\t<img decoding=\"async\"  src=\"https:\/\/rotex-metallbauteile.ch\/wp-content\/uploads\/referenz-einstein-2-1.jpg\" alt=\"Einstein Kongresszentrum St. Gallen Eingang\" class=\"jgalleryImage\">\n\t\t<\/div>\t\t<div class=\"bdt-position-cover bdt-overlay bdt-overlay-default bdt-transition-fade\">\n\t\t\t<div class=\"bdt-ep-advanced-image-gallery-content\">\n\t\t\t\t<div class=\"bdt-ep-advanced-image-gallery-content-inner\">\n\n\t\t\t\t\t\t\t\t\t\t\t\t\t\t\t\t<div class=\"bdt-flex-inline bdt-ep-advanced-image-gallery-item-link-wrapper\">\n\t\t\t\t\t\t\t<a class=\"bdt-ep-advanced-image-gallery-item-link elementor-clickable icon-type-icon\" data-elementor-open-lightbox=\"no\" data-caption=\"\" href=\"https:\/\/rotex-metallbauteile.ch\/wp-content\/uploads\/referenz-einstein-2-1.jpg\">\n\t\t\t\t\t\t\t\t\n\t\t\t\t\t\t\t\t\t\t\t\t\t\t\t\t\t\t\t<span>\n\t\t\t\t\t\t\t\t\t\t\t<i class=\"ep-icon-plus-2\"><\/i>\n\t\t\t\t\t\t\t\t\t\t<\/span>\n\t\t\t\t\t\t\t\t\t\n\t\t\t\t\t\t\t\t\t\t\t\t\t\t\t<\/a>\n\t\t\t\t\t\t<\/div>\n\t\t\t\t\t\n\t\t\t\t\t\t\t\t\t<\/div>\n\t\t\t<\/div>\n\t\t<\/div>\n\t\t\t\t\t\t<\/div>\r\n\r\n\t\t\t\t\t\t\t<\/div>\r\n\r\n\t\t\t\t\t\t\r\n\t\t\t<div class=\"bdt-ep-advanced-image-gallery-item bdt-transition-toggle\">\r\n\t\t\t\t<div class=\"bdt-ep-advanced-image-gallery-inner bdt-image-mask\">\r\n\t\t\t\t\t<div class=\"bdt-ep-advanced-image-gallery-thumbnail bdt-transition-toggle\">\n\t\t\t<img decoding=\"async\"  src=\"https:\/\/rotex-metallbauteile.ch\/wp-content\/uploads\/referenz-einstein-3-1.jpg\" alt=\"Kupferlamellen\" class=\"jgalleryImage\">\n\t\t<\/div>\t\t<div class=\"bdt-position-cover bdt-overlay bdt-overlay-default bdt-transition-fade\">\n\t\t\t<div class=\"bdt-ep-advanced-image-gallery-content\">\n\t\t\t\t<div class=\"bdt-ep-advanced-image-gallery-content-inner\">\n\n\t\t\t\t\t\t\t\t\t\t\t\t\t\t\t\t<div class=\"bdt-flex-inline bdt-ep-advanced-image-gallery-item-link-wrapper\">\n\t\t\t\t\t\t\t<a class=\"bdt-ep-advanced-image-gallery-item-link elementor-clickable icon-type-icon\" data-elementor-open-lightbox=\"no\" data-caption=\"\" href=\"https:\/\/rotex-metallbauteile.ch\/wp-content\/uploads\/referenz-einstein-3-1.jpg\">\n\t\t\t\t\t\t\t\t\n\t\t\t\t\t\t\t\t\t\t\t\t\t\t\t\t\t\t\t<span>\n\t\t\t\t\t\t\t\t\t\t\t<i class=\"ep-icon-plus-2\"><\/i>\n\t\t\t\t\t\t\t\t\t\t<\/span>\n\t\t\t\t\t\t\t\t\t\n\t\t\t\t\t\t\t\t\t\t\t\t\t\t\t<\/a>\n\t\t\t\t\t\t<\/div>\n\t\t\t\t\t\n\t\t\t\t\t\t\t\t\t<\/div>\n\t\t\t<\/div>\n\t\t<\/div>\n\t\t\t\t\t\t<\/div>\r\n\r\n\t\t\t\t\t\t\t<\/div>\r\n\r\n\t\t\t\t\t\t\r\n\t\t\t<div class=\"bdt-ep-advanced-image-gallery-item bdt-transition-toggle\">\r\n\t\t\t\t<div class=\"bdt-ep-advanced-image-gallery-inner bdt-image-mask\">\r\n\t\t\t\t\t<div class=\"bdt-ep-advanced-image-gallery-thumbnail bdt-transition-toggle\">\n\t\t\t<img decoding=\"async\"  src=\"https:\/\/rotex-metallbauteile.ch\/wp-content\/uploads\/referenz-einstein-4-1.jpg\" alt=\"Dachsanierung Kupferbleche Einstein Kongresszentrum\" class=\"jgalleryImage\">\n\t\t<\/div>\t\t<div class=\"bdt-position-cover bdt-overlay bdt-overlay-default bdt-transition-fade\">\n\t\t\t<div class=\"bdt-ep-advanced-image-gallery-content\">\n\t\t\t\t<div class=\"bdt-ep-advanced-image-gallery-content-inner\">\n\n\t\t\t\t\t\t\t\t\t\t\t\t\t\t\t\t<div class=\"bdt-flex-inline bdt-ep-advanced-image-gallery-item-link-wrapper\">\n\t\t\t\t\t\t\t<a class=\"bdt-ep-advanced-image-gallery-item-link elementor-clickable icon-type-icon\" data-elementor-open-lightbox=\"no\" data-caption=\"\" href=\"https:\/\/rotex-metallbauteile.ch\/wp-content\/uploads\/referenz-einstein-4-1.jpg\">\n\t\t\t\t\t\t\t\t\n\t\t\t\t\t\t\t\t\t\t\t\t\t\t\t\t\t\t\t<span>\n\t\t\t\t\t\t\t\t\t\t\t<i class=\"ep-icon-plus-2\"><\/i>\n\t\t\t\t\t\t\t\t\t\t<\/span>\n\t\t\t\t\t\t\t\t\t\n\t\t\t\t\t\t\t\t\t\t\t\t\t\t\t<\/a>\n\t\t\t\t\t\t<\/div>\n\t\t\t\t\t\n\t\t\t\t\t\t\t\t\t<\/div>\n\t\t\t<\/div>\n\t\t<\/div>\n\t\t\t\t\t\t<\/div>\r\n\r\n\t\t\t\t\t\t\t<\/div>\r\n\r\n\t\t\t\t\t\t\r\n\t\t\t<div class=\"bdt-ep-advanced-image-gallery-item bdt-transition-toggle\">\r\n\t\t\t\t<div class=\"bdt-ep-advanced-image-gallery-inner bdt-image-mask\">\r\n\t\t\t\t\t<div class=\"bdt-ep-advanced-image-gallery-thumbnail bdt-transition-toggle\">\n\t\t\t<img decoding=\"async\"  src=\"https:\/\/rotex-metallbauteile.ch\/wp-content\/uploads\/referenz-einstein-5-1.jpg\" alt=\"Dachsanierung Einstein Kongresszentrum St. Gallen\" class=\"jgalleryImage\">\n\t\t<\/div>\t\t<div class=\"bdt-position-cover bdt-overlay bdt-overlay-default bdt-transition-fade\">\n\t\t\t<div class=\"bdt-ep-advanced-image-gallery-content\">\n\t\t\t\t<div class=\"bdt-ep-advanced-image-gallery-content-inner\">\n\n\t\t\t\t\t\t\t\t\t\t\t\t\t\t\t\t<div class=\"bdt-flex-inline bdt-ep-advanced-image-gallery-item-link-wrapper\">\n\t\t\t\t\t\t\t<a class=\"bdt-ep-advanced-image-gallery-item-link elementor-clickable icon-type-icon\" data-elementor-open-lightbox=\"no\" data-caption=\"\" href=\"https:\/\/rotex-metallbauteile.ch\/wp-content\/uploads\/referenz-einstein-5-1.jpg\">\n\t\t\t\t\t\t\t\t\n\t\t\t\t\t\t\t\t\t\t\t\t\t\t\t\t\t\t\t<span>\n\t\t\t\t\t\t\t\t\t\t\t<i class=\"ep-icon-plus-2\"><\/i>\n\t\t\t\t\t\t\t\t\t\t<\/span>\n\t\t\t\t\t\t\t\t\t\n\t\t\t\t\t\t\t\t\t\t\t\t\t\t\t<\/a>\n\t\t\t\t\t\t<\/div>\n\t\t\t\t\t\n\t\t\t\t\t\t\t\t\t<\/div>\n\t\t\t<\/div>\n\t\t<\/div>\n\t\t\t\t\t\t<\/div>\r\n\r\n\t\t\t\t\t\t\t<\/div>\r\n\r\n\t\t\t\t\t\t\r\n\t\t\t<div class=\"bdt-ep-advanced-image-gallery-item bdt-transition-toggle\">\r\n\t\t\t\t<div class=\"bdt-ep-advanced-image-gallery-inner bdt-image-mask\">\r\n\t\t\t\t\t<div class=\"bdt-ep-advanced-image-gallery-thumbnail bdt-transition-toggle\">\n\t\t\t<img decoding=\"async\"  src=\"https:\/\/rotex-metallbauteile.ch\/wp-content\/uploads\/referenz-einstein-6-2.jpg\" alt=\"Dachsanierung Einstein Kongresszentrum St. Gallen\" class=\"jgalleryImage\">\n\t\t<\/div>\t\t<div class=\"bdt-position-cover bdt-overlay bdt-overlay-default bdt-transition-fade\">\n\t\t\t<div class=\"bdt-ep-advanced-image-gallery-content\">\n\t\t\t\t<div class=\"bdt-ep-advanced-image-gallery-content-inner\">\n\n\t\t\t\t\t\t\t\t\t\t\t\t\t\t\t\t<div class=\"bdt-flex-inline bdt-ep-advanced-image-gallery-item-link-wrapper\">\n\t\t\t\t\t\t\t<a class=\"bdt-ep-advanced-image-gallery-item-link elementor-clickable icon-type-icon\" data-elementor-open-lightbox=\"no\" data-caption=\"\" href=\"https:\/\/rotex-metallbauteile.ch\/wp-content\/uploads\/referenz-einstein-6-2.jpg\">\n\t\t\t\t\t\t\t\t\n\t\t\t\t\t\t\t\t\t\t\t\t\t\t\t\t\t\t\t<span>\n\t\t\t\t\t\t\t\t\t\t\t<i class=\"ep-icon-plus-2\"><\/i>\n\t\t\t\t\t\t\t\t\t\t<\/span>\n\t\t\t\t\t\t\t\t\t\n\t\t\t\t\t\t\t\t\t\t\t\t\t\t\t<\/a>\n\t\t\t\t\t\t<\/div>\n\t\t\t\t\t\n\t\t\t\t\t\t\t\t\t<\/div>\n\t\t\t<\/div>\n\t\t<\/div>\n\t\t\t\t\t\t<\/div>\r\n\r\n\t\t\t\t\t\t\t<\/div>\r\n\r\n\t\t\t\t<\/div>\r\n\t\t\t\t\t\t\t<div class=\"bdt-position-z-index bdt-position-center bdt-visible@m\">\r\n\t\t\t<div class=\"bdt-arrows-container bdt-slidenav-container\">\r\n\t\t\t\t<a href=\"\" class=\"bdt-navigation-prev bdt-slidenav-previous bdt-slidenav\" data-bdt-slider-item=\"previous\">\r\n\t\t\t\t\t<i class=\"ep-icon-arrow-left-5\" aria-hidden=\"true\"><\/i>\r\n\t\t\t\t<\/a>\r\n\t\t\t\t<a href=\"\" class=\"bdt-navigation-next bdt-slidenav-next bdt-slidenav\" data-bdt-slider-item=\"next\">\r\n\t\t\t\t\t<i class=\"ep-icon-arrow-right-5\" aria-hidden=\"true\"><\/i>\r\n\t\t\t\t<\/a>\r\n\t\t\t<\/div>\r\n\t\t<\/div>\r\n\t\t\t\t\t<\/div>\r\n\t\t\t\t\t<\/div>\n\t\t\t\t<\/div>\n\t\t\t\t\t<\/div>\n\t\t<\/div>\n\t\t\t\t\t<\/div>\n\t\t<\/section>\n\t\t\t\t<\/div>\n\t\t","protected":false},"excerpt":{"rendered":"<p>Centre de congr\u00e8s Einstein, Saint-Gall Aper\u00e7u Prochain Projet :R\u00e9novation du toit du Congr\u00e8s Einstein de Saint-Gall Produit :Ducowall 60 C en cuivre Hauteur des lamelles : 53.5 mm \/ Pas des lamelles : 50 mm Profil\u00e9 de maintien : 21\/50 Multi Support de lamelles : polyamide PA 6.6 Voici ce qu&#8217;en pense le client &#8220;J&#8217;ai &#8230; <a title=\"R\u00e9novation du toit du Congr\u00e8s Einstein \u00e0 St-Gall\" class=\"read-more\" href=\"https:\/\/rotex-metallbauteile.ch\/fr\/renovation-du-toit-du-congres-einstein-a-st-gall\/\" aria-label=\"Read more about R\u00e9novation du toit du Congr\u00e8s Einstein \u00e0 St-Gall\">Read more<\/a><\/p>\n","protected":false},"author":2,"featured_media":0,"parent":0,"menu_order":0,"comment_status":"closed","ping_status":"closed","template":"","meta":{"_acf_changed":false,"inline_featured_image":false,"footnotes":""},"class_list":["post-4363","page","type-page","status-publish"],"acf":[],"yoast_head":"<!-- This site is optimized with the Yoast SEO plugin v27.2 - https:\/\/yoast.com\/product\/yoast-seo-wordpress\/ -->\n<title>R\u00e9novation du toit du Congr\u00e8s Einstein \u00e0 St-Gall - Rotex Metallbauteile GmbH<\/title>\n<meta name=\"description\" content=\"D\u00e9couvrez une r\u00e9novation de toiture innovante ! Des lamelles en cuivre pour le prestigieux centre de congr\u00e8s Einstein \u00e0 Saint-Gall - moderne, durable et esth\u00e9tique. En savoir plus sur notre projet de r\u00e9f\u00e9rence !\" \/>\n<meta name=\"robots\" content=\"index, follow, max-snippet:-1, max-image-preview:large, max-video-preview:-1\" \/>\n<link rel=\"canonical\" href=\"https:\/\/rotex-metallbauteile.ch\/fr\/renovation-du-toit-du-congres-einstein-a-st-gall\/\" \/>\n<meta property=\"og:locale\" content=\"fr_FR\" \/>\n<meta property=\"og:type\" content=\"article\" \/>\n<meta property=\"og:title\" content=\"R\u00e9novation du toit du Congr\u00e8s Einstein \u00e0 St-Gall - Rotex Metallbauteile GmbH\" \/>\n<meta property=\"og:description\" content=\"D\u00e9couvrez une r\u00e9novation de toiture innovante ! Des lamelles en cuivre pour le prestigieux centre de congr\u00e8s Einstein \u00e0 Saint-Gall - moderne, durable et esth\u00e9tique. En savoir plus sur notre projet de r\u00e9f\u00e9rence !\" \/>\n<meta property=\"og:url\" content=\"https:\/\/rotex-metallbauteile.ch\/fr\/renovation-du-toit-du-congres-einstein-a-st-gall\/\" \/>\n<meta property=\"og:site_name\" content=\"Rotex Metallbauteile GmbH\" \/>\n<meta property=\"article:modified_time\" content=\"2026-02-18T08:31:07+00:00\" \/>\n<meta property=\"og:image\" content=\"https:\/\/rotex-metallbauteile.ch\/wp-content\/uploads\/referenz-einstein-1-1.jpg\" \/>\n<meta name=\"twitter:card\" content=\"summary_large_image\" \/>\n<meta name=\"twitter:label1\" content=\"Est. reading time\" \/>\n\t<meta name=\"twitter:data1\" content=\"1 minute\" \/>\n<script type=\"application\/ld+json\" class=\"yoast-schema-graph\">{\"@context\":\"https:\/\/schema.org\",\"@graph\":[{\"@type\":\"WebPage\",\"@id\":\"https:\/\/rotex-metallbauteile.ch\/fr\/renovation-du-toit-du-congres-einstein-a-st-gall\/\",\"url\":\"https:\/\/rotex-metallbauteile.ch\/fr\/renovation-du-toit-du-congres-einstein-a-st-gall\/\",\"name\":\"R\u00e9novation du toit du Congr\u00e8s Einstein \u00e0 St-Gall - Rotex Metallbauteile GmbH\",\"isPartOf\":{\"@id\":\"https:\/\/rotex-metallbauteile.ch\/fr\/#website\"},\"primaryImageOfPage\":{\"@id\":\"https:\/\/rotex-metallbauteile.ch\/fr\/renovation-du-toit-du-congres-einstein-a-st-gall\/#primaryimage\"},\"image\":{\"@id\":\"https:\/\/rotex-metallbauteile.ch\/fr\/renovation-du-toit-du-congres-einstein-a-st-gall\/#primaryimage\"},\"thumbnailUrl\":\"https:\/\/rotex-metallbauteile.ch\/wp-content\/uploads\/referenz-einstein-1-1.jpg\",\"datePublished\":\"2022-05-11T06:57:18+00:00\",\"dateModified\":\"2026-02-18T08:31:07+00:00\",\"description\":\"D\u00e9couvrez une r\u00e9novation de toiture innovante ! Des lamelles en cuivre pour le prestigieux centre de congr\u00e8s Einstein \u00e0 Saint-Gall - moderne, durable et esth\u00e9tique. En savoir plus sur notre projet de r\u00e9f\u00e9rence !\",\"breadcrumb\":{\"@id\":\"https:\/\/rotex-metallbauteile.ch\/fr\/renovation-du-toit-du-congres-einstein-a-st-gall\/#breadcrumb\"},\"inLanguage\":\"fr-FR\",\"potentialAction\":[{\"@type\":\"ReadAction\",\"target\":[\"https:\/\/rotex-metallbauteile.ch\/fr\/renovation-du-toit-du-congres-einstein-a-st-gall\/\"]}]},{\"@type\":\"ImageObject\",\"inLanguage\":\"fr-FR\",\"@id\":\"https:\/\/rotex-metallbauteile.ch\/fr\/renovation-du-toit-du-congres-einstein-a-st-gall\/#primaryimage\",\"url\":\"https:\/\/rotex-metallbauteile.ch\/wp-content\/uploads\/referenz-einstein-1-1.jpg\",\"contentUrl\":\"https:\/\/rotex-metallbauteile.ch\/wp-content\/uploads\/referenz-einstein-1-1.jpg\"},{\"@type\":\"BreadcrumbList\",\"@id\":\"https:\/\/rotex-metallbauteile.ch\/fr\/renovation-du-toit-du-congres-einstein-a-st-gall\/#breadcrumb\",\"itemListElement\":[{\"@type\":\"ListItem\",\"position\":1,\"name\":\"Startseite\",\"item\":\"https:\/\/rotex-metallbauteile.ch\/fr\/\"},{\"@type\":\"ListItem\",\"position\":2,\"name\":\"R\u00e9novation du toit du Congr\u00e8s Einstein \u00e0 St-Gall\"}]},{\"@type\":\"WebSite\",\"@id\":\"https:\/\/rotex-metallbauteile.ch\/fr\/#website\",\"url\":\"https:\/\/rotex-metallbauteile.ch\/fr\/\",\"name\":\"Rotex Metallbauteile GmbH\",\"description\":\"\",\"publisher\":{\"@id\":\"https:\/\/rotex-metallbauteile.ch\/fr\/#organization\"},\"potentialAction\":[{\"@type\":\"SearchAction\",\"target\":{\"@type\":\"EntryPoint\",\"urlTemplate\":\"https:\/\/rotex-metallbauteile.ch\/fr\/?s={search_term_string}\"},\"query-input\":{\"@type\":\"PropertyValueSpecification\",\"valueRequired\":true,\"valueName\":\"search_term_string\"}}],\"inLanguage\":\"fr-FR\"},{\"@type\":\"Organization\",\"@id\":\"https:\/\/rotex-metallbauteile.ch\/fr\/#organization\",\"name\":\"Rotex Metallbauteile GmbH\",\"url\":\"https:\/\/rotex-metallbauteile.ch\/fr\/\",\"logo\":{\"@type\":\"ImageObject\",\"inLanguage\":\"fr-FR\",\"@id\":\"https:\/\/rotex-metallbauteile.ch\/fr\/#\/schema\/logo\/image\/\",\"url\":\"https:\/\/rotex-metallbauteile.ch\/wp-content\/uploads\/logo_ohne_redbar.png\",\"contentUrl\":\"https:\/\/rotex-metallbauteile.ch\/wp-content\/uploads\/logo_ohne_redbar.png\",\"width\":409,\"height\":126,\"caption\":\"Rotex Metallbauteile GmbH\"},\"image\":{\"@id\":\"https:\/\/rotex-metallbauteile.ch\/fr\/#\/schema\/logo\/image\/\"},\"sameAs\":[\"https:\/\/www.linkedin.com\/company\/rotex-metallbauteile\/\"]}]}<\/script>\n<!-- \/ Yoast SEO plugin. -->","yoast_head_json":{"title":"R\u00e9novation du toit du Congr\u00e8s Einstein \u00e0 St-Gall - Rotex Metallbauteile GmbH","description":"D\u00e9couvrez une r\u00e9novation de toiture innovante ! Des lamelles en cuivre pour le prestigieux centre de congr\u00e8s Einstein \u00e0 Saint-Gall - moderne, durable et esth\u00e9tique. En savoir plus sur notre projet de r\u00e9f\u00e9rence !","robots":{"index":"index","follow":"follow","max-snippet":"max-snippet:-1","max-image-preview":"max-image-preview:large","max-video-preview":"max-video-preview:-1"},"canonical":"https:\/\/rotex-metallbauteile.ch\/fr\/renovation-du-toit-du-congres-einstein-a-st-gall\/","og_locale":"fr_FR","og_type":"article","og_title":"R\u00e9novation du toit du Congr\u00e8s Einstein \u00e0 St-Gall - Rotex Metallbauteile GmbH","og_description":"D\u00e9couvrez une r\u00e9novation de toiture innovante ! Des lamelles en cuivre pour le prestigieux centre de congr\u00e8s Einstein \u00e0 Saint-Gall - moderne, durable et esth\u00e9tique. En savoir plus sur notre projet de r\u00e9f\u00e9rence !","og_url":"https:\/\/rotex-metallbauteile.ch\/fr\/renovation-du-toit-du-congres-einstein-a-st-gall\/","og_site_name":"Rotex Metallbauteile GmbH","article_modified_time":"2026-02-18T08:31:07+00:00","og_image":[{"url":"https:\/\/rotex-metallbauteile.ch\/wp-content\/uploads\/referenz-einstein-1-1.jpg","type":"","width":"","height":""}],"twitter_card":"summary_large_image","twitter_misc":{"Est. reading time":"1 minute"},"schema":{"@context":"https:\/\/schema.org","@graph":[{"@type":"WebPage","@id":"https:\/\/rotex-metallbauteile.ch\/fr\/renovation-du-toit-du-congres-einstein-a-st-gall\/","url":"https:\/\/rotex-metallbauteile.ch\/fr\/renovation-du-toit-du-congres-einstein-a-st-gall\/","name":"R\u00e9novation du toit du Congr\u00e8s Einstein \u00e0 St-Gall - Rotex Metallbauteile GmbH","isPartOf":{"@id":"https:\/\/rotex-metallbauteile.ch\/fr\/#website"},"primaryImageOfPage":{"@id":"https:\/\/rotex-metallbauteile.ch\/fr\/renovation-du-toit-du-congres-einstein-a-st-gall\/#primaryimage"},"image":{"@id":"https:\/\/rotex-metallbauteile.ch\/fr\/renovation-du-toit-du-congres-einstein-a-st-gall\/#primaryimage"},"thumbnailUrl":"https:\/\/rotex-metallbauteile.ch\/wp-content\/uploads\/referenz-einstein-1-1.jpg","datePublished":"2022-05-11T06:57:18+00:00","dateModified":"2026-02-18T08:31:07+00:00","description":"D\u00e9couvrez une r\u00e9novation de toiture innovante ! Des lamelles en cuivre pour le prestigieux centre de congr\u00e8s Einstein \u00e0 Saint-Gall - moderne, durable et esth\u00e9tique. En savoir plus sur notre projet de r\u00e9f\u00e9rence !","breadcrumb":{"@id":"https:\/\/rotex-metallbauteile.ch\/fr\/renovation-du-toit-du-congres-einstein-a-st-gall\/#breadcrumb"},"inLanguage":"fr-FR","potentialAction":[{"@type":"ReadAction","target":["https:\/\/rotex-metallbauteile.ch\/fr\/renovation-du-toit-du-congres-einstein-a-st-gall\/"]}]},{"@type":"ImageObject","inLanguage":"fr-FR","@id":"https:\/\/rotex-metallbauteile.ch\/fr\/renovation-du-toit-du-congres-einstein-a-st-gall\/#primaryimage","url":"https:\/\/rotex-metallbauteile.ch\/wp-content\/uploads\/referenz-einstein-1-1.jpg","contentUrl":"https:\/\/rotex-metallbauteile.ch\/wp-content\/uploads\/referenz-einstein-1-1.jpg"},{"@type":"BreadcrumbList","@id":"https:\/\/rotex-metallbauteile.ch\/fr\/renovation-du-toit-du-congres-einstein-a-st-gall\/#breadcrumb","itemListElement":[{"@type":"ListItem","position":1,"name":"Startseite","item":"https:\/\/rotex-metallbauteile.ch\/fr\/"},{"@type":"ListItem","position":2,"name":"R\u00e9novation du toit du Congr\u00e8s Einstein \u00e0 St-Gall"}]},{"@type":"WebSite","@id":"https:\/\/rotex-metallbauteile.ch\/fr\/#website","url":"https:\/\/rotex-metallbauteile.ch\/fr\/","name":"Rotex Metallbauteile GmbH","description":"","publisher":{"@id":"https:\/\/rotex-metallbauteile.ch\/fr\/#organization"},"potentialAction":[{"@type":"SearchAction","target":{"@type":"EntryPoint","urlTemplate":"https:\/\/rotex-metallbauteile.ch\/fr\/?s={search_term_string}"},"query-input":{"@type":"PropertyValueSpecification","valueRequired":true,"valueName":"search_term_string"}}],"inLanguage":"fr-FR"},{"@type":"Organization","@id":"https:\/\/rotex-metallbauteile.ch\/fr\/#organization","name":"Rotex Metallbauteile GmbH","url":"https:\/\/rotex-metallbauteile.ch\/fr\/","logo":{"@type":"ImageObject","inLanguage":"fr-FR","@id":"https:\/\/rotex-metallbauteile.ch\/fr\/#\/schema\/logo\/image\/","url":"https:\/\/rotex-metallbauteile.ch\/wp-content\/uploads\/logo_ohne_redbar.png","contentUrl":"https:\/\/rotex-metallbauteile.ch\/wp-content\/uploads\/logo_ohne_redbar.png","width":409,"height":126,"caption":"Rotex Metallbauteile GmbH"},"image":{"@id":"https:\/\/rotex-metallbauteile.ch\/fr\/#\/schema\/logo\/image\/"},"sameAs":["https:\/\/www.linkedin.com\/company\/rotex-metallbauteile\/"]}]}},"_links":{"self":[{"href":"https:\/\/rotex-metallbauteile.ch\/fr\/wp-json\/wp\/v2\/pages\/4363","targetHints":{"allow":["GET"]}}],"collection":[{"href":"https:\/\/rotex-metallbauteile.ch\/fr\/wp-json\/wp\/v2\/pages"}],"about":[{"href":"https:\/\/rotex-metallbauteile.ch\/fr\/wp-json\/wp\/v2\/types\/page"}],"author":[{"embeddable":true,"href":"https:\/\/rotex-metallbauteile.ch\/fr\/wp-json\/wp\/v2\/users\/2"}],"replies":[{"embeddable":true,"href":"https:\/\/rotex-metallbauteile.ch\/fr\/wp-json\/wp\/v2\/comments?post=4363"}],"version-history":[{"count":0,"href":"https:\/\/rotex-metallbauteile.ch\/fr\/wp-json\/wp\/v2\/pages\/4363\/revisions"}],"wp:attachment":[{"href":"https:\/\/rotex-metallbauteile.ch\/fr\/wp-json\/wp\/v2\/media?parent=4363"}],"curies":[{"name":"wp","href":"https:\/\/api.w.org\/{rel}","templated":true}]}}